{"id":1200,"date":"2023-08-10T15:33:12","date_gmt":"2023-08-10T19:33:12","guid":{"rendered":"https:\/\/omnict.mydev.ca\/team\/"},"modified":"2023-09-20T16:07:43","modified_gmt":"2023-09-20T20:07:43","slug":"team","status":"publish","type":"page","link":"https:\/\/omnict.mydev.ca\/fr\/team\/","title":{"rendered":"Team"},"content":{"rendered":"\r\n<div  data-blockid=\"block-6a9c349786a55\" class=\"acf-wp-block panel-block acf-wp-block-parent-container page-banner fixed-height acf-wp-block-page-banner-single-image is-frontend-view  \" style=\" margin-bottom: var(--wp--preset--spacing--medium);\">\r\n\r\n      <div class=\"banner-row grid-breakout-container\">\r\n          <div class=\"banner-column column-media\">\r\n            <div class=\"slanted-edge-container media-container has-single-media has-media-type-image\">\r\n\r\n                              <!--single image container-->\r\n                <div class=\"single-image\">\r\n                  <img decoding=\"async\" src=\"https:\/\/omnict.mydev.ca\/wp-content\/uploads\/2023\/08\/The-OMNI-Team.jpg\" alt=\"\">\r\n                <\/div>\r\n                <!--END: single image container-->\r\n                          <\/div>\r\n\r\n            <!--angled shape container-->\r\n            <div class=\"angled-shape-image-container\">\r\n              <img decoding=\"async\" src=\"https:\/\/omnict.mydev.ca\/wp-content\/themes\/omni\/images\/patterns\/angled-shapes-outline--green.png\" alt=\"\">\r\n            <\/div>\r\n            <!--END: angled shape container-->\r\n          <\/div>\r\n\r\n          <div class=\"banner-column column-entry\">\r\n                          <div class=\"banner-header\">\r\n                <h1 class=\"banner-title my-0 is-uppercase\">L&rsquo;\u00e9quipe Omni.<\/h1>\r\n              <\/div>\r\n            \r\n            <div class=\"banner-content has-innerblocks\">\r\n              <div class=\"innerblocks-wrapper\">\r\n                <div class=\"acf-innerblocks-container\">\n\n<p class=\"wp-block-paragraph\">Chez OMNI, nous avons r\u00e9uni une \u00e9quipe de dirigeants d\u00e9termin\u00e9s \u00e0 favoriser l&rsquo;\u00e9conomie circulaire en cr\u00e9ant une meilleure solution pour les d\u00e9chets : en les transformant en carburant propre. Rencontrez notre \u00e9quipe.<\/p>\n\n<\/div>\r\n              <\/div>\r\n            <\/div>\r\n            <!--<a href=\"#first\" class=\"banner-scroll-down-button\"><span class=\"sr\">Scroll Down<\/span><\/a>-->\r\n          <\/div>\r\n        <\/div>\r\n\r\n<\/div>\r\n\n\n\n<div  data-blockid=\"block-6a9c349792be4\" class=\"acf-wp-block panel-block acf-wp-block-parent-container acf-wp-block-section-group is-frontend-view   \" style=\"   margin-bottom: var(--wp--preset--spacing--medium);\">\n\n    <div class=\"inner-container\">\n  \n        <div class=\"has-innerblocks\">\n          <div class=\"innerblocks-wrapper\" style=\"\">\n            <div class=\"acf-innerblocks-container\">\n\n<h2 class=\"wp-block-heading is-style-wp-block-heading-h3\" style=\"text-transform:uppercase\">Conseil d\u2019administration<\/h2>\n\n\n\r\n<div  data-blockid=\"block-6a9c34978ddb0\" class=\"acf-wp-block acf-wp-block-team-popup is-frontend-view \" style=\"margin-top: var(--wp--preset--spacing--small); \">\r\n\r\n\r\n                  <div class=\"popup-container flex-layout is-4up\" data-id=\"block-6a9c34978ddb0\">\r\n\r\n            \r\n              <a href=\"#glightbox-inline-id-857\" class=\"team-card glightbox-inline-id-block-6a9c34978ddb0\">\r\n                                 <figure class=\"headshot image-circle ratio-1x1\">\r\n                   <img decoding=\"async\" src=\"https:\/\/omnict.mydev.ca\/wp-content\/uploads\/2023\/08\/RBryden_BW.jpg\" alt=\"\" \/>\r\n                 <\/figure>\r\n                <h3 class=\"is-style-wp-block-heading-h4 my-0 team-member-name\">Roderick Bryden<\/h3>\r\n\r\n                                  <p class=\"team-member-title-description\">Pr\u00e9sident<\/p>\r\n                \r\n              <\/a>\r\n\r\n            \r\n              <a href=\"#glightbox-inline-id-871\" class=\"team-card glightbox-inline-id-block-6a9c34978ddb0\">\r\n                                 <figure class=\"headshot image-circle ratio-1x1\">\r\n                   <img decoding=\"async\" src=\"https:\/\/omnict.mydev.ca\/wp-content\/uploads\/2023\/08\/JLundy_BW.jpg\" alt=\"\" \/>\r\n                 <\/figure>\r\n                <h3 class=\"is-style-wp-block-heading-h4 my-0 team-member-name\">Jonathan Lundy<\/h3>\r\n\r\n                                  <p class=\"team-member-title-description\">Membre du conseil d\u2019administration et chef de la direction<\/p>\r\n                \r\n              <\/a>\r\n\r\n            \r\n              <a href=\"#glightbox-inline-id-872\" class=\"team-card glightbox-inline-id-block-6a9c34978ddb0\">\r\n                                 <figure class=\"headshot image-circle ratio-1x1\">\r\n                   <img decoding=\"async\" src=\"https:\/\/omnict.mydev.ca\/wp-content\/uploads\/2023\/08\/SPoloz_BW.jpg\" alt=\"\" \/>\r\n                 <\/figure>\r\n                <h3 class=\"is-style-wp-block-heading-h4 my-0 team-member-name\">Stephen Poloz<\/h3>\r\n\r\n                                  <p class=\"team-member-title-description\">Membre du conseil d\u2019administration<\/p>\r\n                \r\n              <\/a>\r\n\r\n            \r\n              <a href=\"#glightbox-inline-id-873\" class=\"team-card glightbox-inline-id-block-6a9c34978ddb0\">\r\n                                 <figure class=\"headshot image-circle ratio-1x1\">\r\n                   <img decoding=\"async\" src=\"https:\/\/omnict.mydev.ca\/wp-content\/uploads\/2023\/08\/DKammen_BW.jpg\" alt=\"\" \/>\r\n                 <\/figure>\r\n                <h3 class=\"is-style-wp-block-heading-h4 my-0 team-member-name\">Dr. Daniel M. Kammen<\/h3>\r\n\r\n                                  <p class=\"team-member-title-description\">Membre du conseil d\u2019administration<\/p>\r\n                \r\n              <\/a>\r\n\r\n            \r\n              <a href=\"#glightbox-inline-id-874\" class=\"team-card glightbox-inline-id-block-6a9c34978ddb0\">\r\n                                 <figure class=\"headshot image-circle ratio-1x1\">\r\n                   <img decoding=\"async\" src=\"https:\/\/omnict.mydev.ca\/wp-content\/uploads\/2023\/08\/PFraser_BW.jpg\" alt=\"\" \/>\r\n                 <\/figure>\r\n                <h3 class=\"is-style-wp-block-heading-h4 my-0 team-member-name\">Peter Fraser<\/h3>\r\n\r\n                                  <p class=\"team-member-title-description\">Membre du conseil d\u2019administration<\/p>\r\n                \r\n              <\/a>\r\n\r\n            \r\n              <a href=\"#glightbox-inline-id-875\" class=\"team-card glightbox-inline-id-block-6a9c34978ddb0\">\r\n                                 <figure class=\"headshot image-circle ratio-1x1\">\r\n                   <img decoding=\"async\" src=\"https:\/\/omnict.mydev.ca\/wp-content\/uploads\/2023\/08\/CVierula_BW.jpg\" alt=\"\" \/>\r\n                 <\/figure>\r\n                <h3 class=\"is-style-wp-block-heading-h4 my-0 team-member-name\">Carmen Vierula<\/h3>\r\n\r\n                                  <p class=\"team-member-title-description\">Membre du conseil d\u2019administration<\/p>\r\n                \r\n              <\/a>\r\n\r\n                      <\/div>\r\n\r\n          \r\n\r\n                  <div id=\"glightbox-inline-id-857\" style=\"display: none;\" class=\"glightbox-inline-popup team-card\">\r\n                      <div class=\"inline-innerbox\">\r\n                          <a class=\"gtrigger-close inline-close-btn\" href=\"#\"><svg xmlns=\"http:\/\/www.w3.org\/2000\/svg\" xmlns:xlink=\"http:\/\/www.w3.org\/1999\/xlink\" x=\"0px\" y=\"0px\" viewBox=\"0 0 512 512\" xml:space=\"preserve\"><g><g><path d=\"M505.943,6.058c-8.077-8.077-21.172-8.077-29.249,0L6.058,476.693c-8.077,8.077-8.077,21.172,0,29.249C10.096,509.982,15.39,512,20.683,512c5.293,0,10.586-2.019,14.625-6.059L505.943,35.306C514.019,27.23,514.019,14.135,505.943,6.058z\"><\/path><\/g><\/g><g><g><path d=\"M505.942,476.694L35.306,6.059c-8.076-8.077-21.172-8.077-29.248,0c-8.077,8.076-8.077,21.171,0,29.248l470.636,470.636c4.038,4.039,9.332,6.058,14.625,6.058c5.293,0,10.587-2.019,14.624-6.057C514.018,497.866,514.018,484.771,505.942,476.694z\"><\/path><\/g><\/g><\/svg><span class=\"sr\">Close Box<\/span><\/a>\r\n\r\n                        <div class=\"popup-row mt-4\">\r\n                            <div class=\"popup-column headshot\">\r\n                              <figure class=\"my-0 headshot image-circle ratio-1x1\">\r\n                                <img decoding=\"async\" src=\"https:\/\/omnict.mydev.ca\/wp-content\/uploads\/2023\/08\/RBryden_BW.jpg\" alt=\"\" \/>\r\n                              <\/figure>\r\n                            <\/div>\r\n                            <div class=\"popup-column content-container\">\r\n                              <h2 class=\"my-0 wp-block-heading has-text-weight is-bold is-style-wp-block-heading-h4\">Roderick Bryden                              <\/h2>\r\n                                                              <p class=\"my-0 team-member-title-description\">Pr\u00e9sident<span class=\"team-member-employment-date\">, 2015 \u2013 Pr\u00e9sent, 2005-Sept 2013<\/span> <\/p>\r\n                              \r\n                              <ul>\n<li>Co-fondateur et chef de la direction, SHL Systemhouse Inc., du d\u00e9marrage au chiffre d\u2019affaires de $800M, 5000 employ\u00e9s<\/li>\n<li>Fondateur, PDG Paperboard Industries Corp. Des revenus de $12M \u00e0 $700M<\/li>\n<li>Cofondateur, pr\u00e9sident et propri\u00e9taire principal du Club de hockey des S\u00e9nateurs d\u2019Ottawa de 1992 \u00e0 2004.<\/li>\n<li>Co-fondateur, CEO Plasco Energy Group Inc. (Plasco) 2005-2013<\/li>\n<li>Acquisition d\u2019OMNI CT, Septembre 2015 , CEO 2015 \u2013 pr\u00e9sent<\/li>\n<\/ul>\n\r\n                                                          <\/div>\r\n\r\n                        <\/div>\r\n                      <\/div>\r\n                  <\/div>\r\n\r\n\r\n\r\n\r\n          \r\n\r\n                  <div id=\"glightbox-inline-id-871\" style=\"display: none;\" class=\"glightbox-inline-popup team-card\">\r\n                      <div class=\"inline-innerbox\">\r\n                          <a class=\"gtrigger-close inline-close-btn\" href=\"#\"><svg xmlns=\"http:\/\/www.w3.org\/2000\/svg\" xmlns:xlink=\"http:\/\/www.w3.org\/1999\/xlink\" x=\"0px\" y=\"0px\" viewBox=\"0 0 512 512\" xml:space=\"preserve\"><g><g><path d=\"M505.943,6.058c-8.077-8.077-21.172-8.077-29.249,0L6.058,476.693c-8.077,8.077-8.077,21.172,0,29.249C10.096,509.982,15.39,512,20.683,512c5.293,0,10.586-2.019,14.625-6.059L505.943,35.306C514.019,27.23,514.019,14.135,505.943,6.058z\"><\/path><\/g><\/g><g><g><path d=\"M505.942,476.694L35.306,6.059c-8.076-8.077-21.172-8.077-29.248,0c-8.077,8.076-8.077,21.171,0,29.248l470.636,470.636c4.038,4.039,9.332,6.058,14.625,6.058c5.293,0,10.587-2.019,14.624-6.057C514.018,497.866,514.018,484.771,505.942,476.694z\"><\/path><\/g><\/g><\/svg><span class=\"sr\">Close Box<\/span><\/a>\r\n\r\n                        <div class=\"popup-row mt-4\">\r\n                            <div class=\"popup-column headshot\">\r\n                              <figure class=\"my-0 headshot image-circle ratio-1x1\">\r\n                                <img decoding=\"async\" src=\"https:\/\/omnict.mydev.ca\/wp-content\/uploads\/2023\/08\/JLundy_BW.jpg\" alt=\"\" \/>\r\n                              <\/figure>\r\n                            <\/div>\r\n                            <div class=\"popup-column content-container\">\r\n                              <h2 class=\"my-0 wp-block-heading has-text-weight is-bold is-style-wp-block-heading-h4\">Jonathan Lundy                              <\/h2>\r\n                                                              <p class=\"my-0 team-member-title-description\">Membre du conseil d\u2019administration et chef de la direction<\/p>\r\n                              \r\n                              <p>M. Lundy s\u2019est joint \u00e0 OMNI \u00e0 titre de chef de la direction et d\u2019administrateur le 4 octobre 2021. Jon a plus de 20 ans d\u2019exp\u00e9rience dans l\u2019industrie de l\u2019\u00e9nergie. Avant de se joindre \u00e0 OMNI, Jon \u00e9tait vice-pr\u00e9sident de la strat\u00e9gie et des services aux entreprises chez BWXT Canada Ltd. Chez BWXT, Jon a dirig\u00e9 l\u2019\u00e9laboration et l\u2019ex\u00e9cution de strat\u00e9gies de croissance et d\u2019am\u00e9lioration pour les op\u00e9rations canadiennes. Son portefeuille comprenait la plupart des fonctions g\u00e9n\u00e9rales et administratives, notamment : le d\u00e9veloppement des affaires et les ventes; juridique; les relations gouvernementales et les communications; cha\u00eene d\u2019approvisionnement; la gestion des risques; et les affaires r\u00e9glementaires.<\/p>\n<p>Avant BWXT, Jon a pass\u00e9 7 ans chez \u00c9nergie atomique du Canada limit\u00e9e, o\u00f9 il a occup\u00e9 des postes de plus en plus importants, dont le point culminant a \u00e9t\u00e9 celui de chef de la direction et chef de la transition par int\u00e9rim entre 2014 et 2016. En tant que chef de la transition, Jon a supervis\u00e9 le dessaisissement et la privatisation de 2 unit\u00e9s d\u2019affaires et la cr\u00e9ation d\u2019une nouvelle soci\u00e9t\u00e9 d\u2019\u00c9tat qui supervise les investissements du Canada dans la science et la technologie nucl\u00e9aires et conseille le gouvernement du Canada sur la politique nucl\u00e9aire.<\/p>\n<p>Auparavant, Jon a occup\u00e9 les postes de chef de la direction de Schneider Power Inc. et de pr\u00e9sident, \u00c9nergie et production chez Hydrogenics Corporation. Chez Hydrogenics, Jon a dirig\u00e9 l\u2019introduction en bourse et l\u2019inscription de la soci\u00e9t\u00e9 au NASDAQ et \u00e0 la TSX.<\/p>\n<p>Jon est titulaire d\u2019un baccalaur\u00e9at et d\u2019un doctorat en droit de l\u2019Universit\u00e9 Western Ontario.<\/p>\n\r\n                                                          <\/div>\r\n\r\n                        <\/div>\r\n                      <\/div>\r\n                  <\/div>\r\n\r\n\r\n\r\n\r\n          \r\n\r\n                  <div id=\"glightbox-inline-id-872\" style=\"display: none;\" class=\"glightbox-inline-popup team-card\">\r\n                      <div class=\"inline-innerbox\">\r\n                          <a class=\"gtrigger-close inline-close-btn\" href=\"#\"><svg xmlns=\"http:\/\/www.w3.org\/2000\/svg\" xmlns:xlink=\"http:\/\/www.w3.org\/1999\/xlink\" x=\"0px\" y=\"0px\" viewBox=\"0 0 512 512\" xml:space=\"preserve\"><g><g><path d=\"M505.943,6.058c-8.077-8.077-21.172-8.077-29.249,0L6.058,476.693c-8.077,8.077-8.077,21.172,0,29.249C10.096,509.982,15.39,512,20.683,512c5.293,0,10.586-2.019,14.625-6.059L505.943,35.306C514.019,27.23,514.019,14.135,505.943,6.058z\"><\/path><\/g><\/g><g><g><path d=\"M505.942,476.694L35.306,6.059c-8.076-8.077-21.172-8.077-29.248,0c-8.077,8.076-8.077,21.171,0,29.248l470.636,470.636c4.038,4.039,9.332,6.058,14.625,6.058c5.293,0,10.587-2.019,14.624-6.057C514.018,497.866,514.018,484.771,505.942,476.694z\"><\/path><\/g><\/g><\/svg><span class=\"sr\">Close Box<\/span><\/a>\r\n\r\n                        <div class=\"popup-row mt-4\">\r\n                            <div class=\"popup-column headshot\">\r\n                              <figure class=\"my-0 headshot image-circle ratio-1x1\">\r\n                                <img decoding=\"async\" src=\"https:\/\/omnict.mydev.ca\/wp-content\/uploads\/2023\/08\/SPoloz_BW.jpg\" alt=\"\" \/>\r\n                              <\/figure>\r\n                            <\/div>\r\n                            <div class=\"popup-column content-container\">\r\n                              <h2 class=\"my-0 wp-block-heading has-text-weight is-bold is-style-wp-block-heading-h4\">Stephen Poloz                              <\/h2>\r\n                                                              <p class=\"my-0 team-member-title-description\">Membre du conseil d\u2019administration<\/p>\r\n                              \r\n                              <p>Stephen est un \u00e9conomiste largement reconnu avec plus de 40 ans d\u2019exp\u00e9rience dans les march\u00e9s financiers, les pr\u00e9visions et la politique \u00e9conomique. Aujourd\u2019hui, il est conseiller sp\u00e9cial chez Osler, Hoskin et Harcourt et administrateur de deux grandes multinationales canadiennes. Stephen est \u00e9galement l\u2019auteur du livre \u00e0 venir intitul\u00e9 The Next Age of Uncertainty: Comment le monde peut s\u2019adapter \u00e0 un avenir plus risqu\u00e9, qui cartographie les puissantes forces \u00e9conomiques qui fa\u00e7onnent notre avenir et les id\u00e9es qui nous permettront de les ma\u00eetriser.<\/p>\n<p>Stephen \u00e9tait auparavant le 9e gouverneur de la Banque du Canada, la banque centrale du Canada, un r\u00f4le qu\u2019il a occup\u00e9 de 2013 \u00e0 2020, apr\u00e8s y avoir servi 14 ans en 1981-95, occupant divers postes de plus en plus \u00e9lev\u00e9s. Avant d\u2019\u00eatre gouverneur, Stephen a pass\u00e9 14 ans \u00e0 Exportation et d\u00e9veloppement Canada, \u00e0 titre d\u2019\u00e9conomiste en chef (1999-2008), chef des pr\u00eats (2008-2011) et enfin pr\u00e9sident et chef de la direction (2011-2013). Il a \u00e9galement pass\u00e9 quatre ans chez BCA Research, o\u00f9 il a \u00e9t\u00e9 r\u00e9dacteur en chef de l\u2019International Bank Credit Analyst, l\u2019une de leurs publications phares.<\/p>\n<p>Stephen est un professionnel certifi\u00e9 du commerce international et dipl\u00f4m\u00e9 du programme de cadre sup\u00e9rieur de l\u2019Universit\u00e9 Columbia. Il a \u00e9t\u00e9 chercheur invit\u00e9 au Fonds mon\u00e9taire international \u00e0 Washington, D.C., et \u00e0 l\u2019Agence de planification \u00e9conomique \u00e0 Tokyo, au Japon. Il est fr\u00e9quemment conf\u00e9rencier et \u00e9crivain et a enseign\u00e9 l\u2019\u00e9conomie \u00e0 l\u2019Universit\u00e9 Western Ontario, \u00e0 l\u2019Universit\u00e9 Concordia et \u00e0 la Queen\u2019s School of Business.<\/p>\n\r\n                                                          <\/div>\r\n\r\n                        <\/div>\r\n                      <\/div>\r\n                  <\/div>\r\n\r\n\r\n\r\n\r\n          \r\n\r\n                  <div id=\"glightbox-inline-id-873\" style=\"display: none;\" class=\"glightbox-inline-popup team-card\">\r\n                      <div class=\"inline-innerbox\">\r\n                          <a class=\"gtrigger-close inline-close-btn\" href=\"#\"><svg xmlns=\"http:\/\/www.w3.org\/2000\/svg\" xmlns:xlink=\"http:\/\/www.w3.org\/1999\/xlink\" x=\"0px\" y=\"0px\" viewBox=\"0 0 512 512\" xml:space=\"preserve\"><g><g><path d=\"M505.943,6.058c-8.077-8.077-21.172-8.077-29.249,0L6.058,476.693c-8.077,8.077-8.077,21.172,0,29.249C10.096,509.982,15.39,512,20.683,512c5.293,0,10.586-2.019,14.625-6.059L505.943,35.306C514.019,27.23,514.019,14.135,505.943,6.058z\"><\/path><\/g><\/g><g><g><path d=\"M505.942,476.694L35.306,6.059c-8.076-8.077-21.172-8.077-29.248,0c-8.077,8.076-8.077,21.171,0,29.248l470.636,470.636c4.038,4.039,9.332,6.058,14.625,6.058c5.293,0,10.587-2.019,14.624-6.057C514.018,497.866,514.018,484.771,505.942,476.694z\"><\/path><\/g><\/g><\/svg><span class=\"sr\">Close Box<\/span><\/a>\r\n\r\n                        <div class=\"popup-row mt-4\">\r\n                            <div class=\"popup-column headshot\">\r\n                              <figure class=\"my-0 headshot image-circle ratio-1x1\">\r\n                                <img decoding=\"async\" src=\"https:\/\/omnict.mydev.ca\/wp-content\/uploads\/2023\/08\/DKammen_BW.jpg\" alt=\"\" \/>\r\n                              <\/figure>\r\n                            <\/div>\r\n                            <div class=\"popup-column content-container\">\r\n                              <h2 class=\"my-0 wp-block-heading has-text-weight is-bold is-style-wp-block-heading-h4\">Dr. Daniel M. Kammen                              <\/h2>\r\n                                                              <p class=\"my-0 team-member-title-description\">Membre du conseil d\u2019administration<\/p>\r\n                              \r\n                              <p>Daniel M. Kammen est titulaire de la chaire distingu\u00e9e James et Katherine Lau en durabilit\u00e9 \u00e0 l\u2019Universit\u00e9 de Californie \u00e0 Berkeley, avec des nominations parall\u00e8les au sein du groupe \u00c9nergie et ressources o\u00f9 il occupe la chaire, de la Goldman School of Public Policy o\u00f9 il dirige le Center for Environmental Policy et du d\u00e9partement de g\u00e9nie nucl\u00e9aire. Kammen est le directeur fondateur du Laboratoire des \u00e9nergies renouvelables et appropri\u00e9es (RAEL; http:\/\/rael.berkeley.edu). Il a \u00e9t\u00e9 directeur du Transportation Sustainability Research Center de 2007 \u00e0 2015.<br \/>\nKammen a \u00e9t\u00e9 nomm\u00e9 par la secr\u00e9taire d\u2019\u00c9tat de l\u2019\u00e9poque, Hillary Clinton, en avril 2010 en tant que premier boursier en \u00e9nergie de l\u2019initiative Du Partenariat pour l\u2019environnement et le climat pour les Am\u00e9riques (ECPA). Il a \u00e9t\u00e9 envoy\u00e9 scientifique du secr\u00e9taire d\u2019\u00c9tat am\u00e9ricain John Kerry en 2016.<\/p>\n<p>M. Kammen a fait ses \u00e9tudes en physique \u00e0 Cornell (BA 1984) et \u00e0 Harvard (MA 1986; PhD 1988), et a occup\u00e9 des postes postdoctoraux au California Institute of Technology et \u00e0 Harvard. M. Kammen a \u00e9t\u00e9 l\u2019auteur principal collaborateur ou coordonnateur de divers rapports du Groupe d\u2019experts intergouvernemental sur l\u2019\u00e9volution du climat depuis 1999. Le GIEC a partag\u00e9 le prix Nobel de la paix 2007.<\/p>\n<p>Kammen a aid\u00e9 \u00e0 fonder plus de 10 entreprises, dont Enphase qui est entr\u00e9e en bourse en 2012, Renewable Funding (Renew Financial), une soci\u00e9t\u00e9 de mise en \u0153uvre de l\u2019\u00e9nergie propre \u00e9valu\u00e9e par la propri\u00e9t\u00e9 (PACE) qui est devenue publique en 2014. Kammen a jou\u00e9 un r\u00f4le central dans le d\u00e9veloppement de l\u2019offre retenue pour l\u2019institut de biosciences \u00e9nerg\u00e9tiques de 500 millions de dollars financ\u00e9 par BP.<\/p>\n<p>En 2020, Kammen a \u00e9t\u00e9 \u00e9lu \u00e0 l\u2019Acad\u00e9mie am\u00e9ricaine des arts et des sciences.<\/p>\n\r\n                                                          <\/div>\r\n\r\n                        <\/div>\r\n                      <\/div>\r\n                  <\/div>\r\n\r\n\r\n\r\n\r\n          \r\n\r\n                  <div id=\"glightbox-inline-id-874\" style=\"display: none;\" class=\"glightbox-inline-popup team-card\">\r\n                      <div class=\"inline-innerbox\">\r\n                          <a class=\"gtrigger-close inline-close-btn\" href=\"#\"><svg xmlns=\"http:\/\/www.w3.org\/2000\/svg\" xmlns:xlink=\"http:\/\/www.w3.org\/1999\/xlink\" x=\"0px\" y=\"0px\" viewBox=\"0 0 512 512\" xml:space=\"preserve\"><g><g><path d=\"M505.943,6.058c-8.077-8.077-21.172-8.077-29.249,0L6.058,476.693c-8.077,8.077-8.077,21.172,0,29.249C10.096,509.982,15.39,512,20.683,512c5.293,0,10.586-2.019,14.625-6.059L505.943,35.306C514.019,27.23,514.019,14.135,505.943,6.058z\"><\/path><\/g><\/g><g><g><path d=\"M505.942,476.694L35.306,6.059c-8.076-8.077-21.172-8.077-29.248,0c-8.077,8.076-8.077,21.171,0,29.248l470.636,470.636c4.038,4.039,9.332,6.058,14.625,6.058c5.293,0,10.587-2.019,14.624-6.057C514.018,497.866,514.018,484.771,505.942,476.694z\"><\/path><\/g><\/g><\/svg><span class=\"sr\">Close Box<\/span><\/a>\r\n\r\n                        <div class=\"popup-row mt-4\">\r\n                            <div class=\"popup-column headshot\">\r\n                              <figure class=\"my-0 headshot image-circle ratio-1x1\">\r\n                                <img decoding=\"async\" src=\"https:\/\/omnict.mydev.ca\/wp-content\/uploads\/2023\/08\/PFraser_BW.jpg\" alt=\"\" \/>\r\n                              <\/figure>\r\n                            <\/div>\r\n                            <div class=\"popup-column content-container\">\r\n                              <h2 class=\"my-0 wp-block-heading has-text-weight is-bold is-style-wp-block-heading-h4\">Peter Fraser                              <\/h2>\r\n                                                              <p class=\"my-0 team-member-title-description\">Membre du conseil d\u2019administration<\/p>\r\n                              \r\n                              <p>M. Fraser est co-chef des placements de West Face Capital Inc., une soci\u00e9t\u00e9 de gestion de placements de Toronto. Avant de se joindre \u00e0 West Face, Peter \u00e9tait vice-pr\u00e9sident et directeur de BMO Nesbitt Burns, o\u00f9 il \u00e9tait responsable du Groupe des placements sp\u00e9ciaux, un groupe de n\u00e9gociation pour compte propre ax\u00e9 sur le d\u00e9ploiement de capitaux dans l\u2019ensemble de la structure du capital. Il a plus de 40 ans d\u2019exp\u00e9rience en investissement.<\/p>\n<p>Peter a \u00e9t\u00e9 administrateur de Plasco (l\u2019ancien nom d\u2019OMNI) entre 2011 et 2015. De plus, il a si\u00e9g\u00e9 au conseil d\u2019administration de Sunopta Inc., un transformateur d\u2019aliments biologiques et sains. Peter a \u00e9galement si\u00e9g\u00e9 \u00e0 des conseils d\u2019administration d\u2019organismes sans but lucratif, notamment en tant que vice-pr\u00e9sident de la West Park Healthcare Centre Foundation.<\/p>\n<p>Peter est titulaire d\u2019un baccalaur\u00e9at en commerce de l\u2019Universit\u00e9 de Toronto et d\u2019un MBA de la Stanford University Graduate School of Business. De plus, il a la d\u00e9signation ICD.D.<\/p>\n\r\n                                                          <\/div>\r\n\r\n                        <\/div>\r\n                      <\/div>\r\n                  <\/div>\r\n\r\n\r\n\r\n\r\n          \r\n\r\n                  <div id=\"glightbox-inline-id-875\" style=\"display: none;\" class=\"glightbox-inline-popup team-card\">\r\n                      <div class=\"inline-innerbox\">\r\n                          <a class=\"gtrigger-close inline-close-btn\" href=\"#\"><svg xmlns=\"http:\/\/www.w3.org\/2000\/svg\" xmlns:xlink=\"http:\/\/www.w3.org\/1999\/xlink\" x=\"0px\" y=\"0px\" viewBox=\"0 0 512 512\" xml:space=\"preserve\"><g><g><path d=\"M505.943,6.058c-8.077-8.077-21.172-8.077-29.249,0L6.058,476.693c-8.077,8.077-8.077,21.172,0,29.249C10.096,509.982,15.39,512,20.683,512c5.293,0,10.586-2.019,14.625-6.059L505.943,35.306C514.019,27.23,514.019,14.135,505.943,6.058z\"><\/path><\/g><\/g><g><g><path d=\"M505.942,476.694L35.306,6.059c-8.076-8.077-21.172-8.077-29.248,0c-8.077,8.076-8.077,21.171,0,29.248l470.636,470.636c4.038,4.039,9.332,6.058,14.625,6.058c5.293,0,10.587-2.019,14.624-6.057C514.018,497.866,514.018,484.771,505.942,476.694z\"><\/path><\/g><\/g><\/svg><span class=\"sr\">Close Box<\/span><\/a>\r\n\r\n                        <div class=\"popup-row mt-4\">\r\n                            <div class=\"popup-column headshot\">\r\n                              <figure class=\"my-0 headshot image-circle ratio-1x1\">\r\n                                <img decoding=\"async\" src=\"https:\/\/omnict.mydev.ca\/wp-content\/uploads\/2023\/08\/CVierula_BW.jpg\" alt=\"\" \/>\r\n                              <\/figure>\r\n                            <\/div>\r\n                            <div class=\"popup-column content-container\">\r\n                              <h2 class=\"my-0 wp-block-heading has-text-weight is-bold is-style-wp-block-heading-h4\">Carmen Vierula                              <\/h2>\r\n                                                              <p class=\"my-0 team-member-title-description\">Membre du conseil d\u2019administration<\/p>\r\n                              \r\n                              <p>Carmen poss\u00e8de une exp\u00e9rience consid\u00e9rable en leadership dans les domaines de la gestion et de l\u2019information financi\u00e8res, de la planification strat\u00e9gique, de la gouvernance des investissements et des services d\u2019assurance financi\u00e8re, op\u00e9rationnelle et des technologies de l\u2019information dans les secteurs public et priv\u00e9 au Canada et \u00e0 l\u2019\u00e9tranger.<\/p>\n<p>En 2020, Carmen a pris sa retraite de la Banque du Canada o\u00f9 elle a occup\u00e9 les postes de chef de la direction financi\u00e8re et chef comptable et directrice g\u00e9n\u00e9rale du d\u00e9partement des services financiers de 2014 \u00e0 2020 et, auparavant, d\u2019auditrice interne en chef. Elle a occup\u00e9 des postes de haute direction strat\u00e9gique en v\u00e9rification interne aux Nations Unies et \u00e0 l\u2019Universit\u00e9 d\u2019Ottawa. Elle a travaill\u00e9 comme expert-comptable \u00e0 Ottawa, Guelph et Calgary, et a enseign\u00e9 Fran\u00e7ais \u00e0 Helsinki. Elle est actuellement engag\u00e9e par le Fonds mon\u00e9taire international pour fournir une assistance technique sp\u00e9cialis\u00e9e en mati\u00e8re de contr\u00f4les internes \u00e0 certaines banques centrales.<\/p>\n<p>Carmen est activement impliqu\u00e9e dans sa communaut\u00e9 et a si\u00e9g\u00e9 \u00e0 plusieurs conseils d\u2019administration, plus r\u00e9cemment, Bruy\u00e8re Continuing Care \u00e0 partir de 2021 en tant que membre du comit\u00e9 de gestion de la qualit\u00e9 et de l\u2019efficacit\u00e9 de la mission, de la section r\u00e9gion de la capitale nationale internationale de Financial Executives (2015-2021) et de Centraide Centraide Canada (2017-2020). Parmi les autres contributions au conseil d\u2019administration, mentionnons l\u2019Universit\u00e9 d\u2019Ottawa (2004-2012) et le Centre royal de sant\u00e9 mentale d\u2019Ottawa (2002-2007).<\/p>\n<p>N\u00e9e \u00e0 Sudbury, en Ontario, Carmen a obtenu un baccalaur\u00e9at sp\u00e9cialis\u00e9 en commerce de l\u2019Universit\u00e9 Laurentienne en 1981. Elle est membre de Comptables professionnels agr\u00e9\u00e9s ontario et v\u00e9rificatrice interne agr\u00e9\u00e9e.<\/p>\n\r\n                                                          <\/div>\r\n\r\n                        <\/div>\r\n                      <\/div>\r\n                  <\/div>\r\n\r\n\r\n\r\n\r\n          \r\n\r\n\r\n                    \r\n\r\n\r\n\r\n\r\n\r\n<\/div>\r\n\n<\/div>\n          <\/div>\n        <\/div>\n\n\n        <\/div>\n    \n<\/div>\n\n\n\n<div  data-blockid=\"block-6a9c349793c4d\" class=\"acf-wp-block panel-block acf-wp-block-parent-container acf-wp-block-section-group is-frontend-view   \" style=\"   margin-bottom: var(--wp--preset--spacing--medium);\">\n\n    <div class=\"inner-container\">\n  \n        <div class=\"has-innerblocks\">\n          <div class=\"innerblocks-wrapper\" style=\"\">\n            <div class=\"acf-innerblocks-container\">\n\n<h2 class=\"wp-block-heading\" style=\"text-transform:uppercase\">Conseillers strat\u00e9giques<\/h2>\n\n\n\r\n<div  data-blockid=\"block-6a9c34979306e\" class=\"acf-wp-block acf-wp-block-team-popup is-frontend-view \" style=\"margin-top: var(--wp--preset--spacing--small); \">\r\n\r\n\r\n                  <div class=\"popup-container flex-layout is-4up\" data-id=\"block-6a9c34979306e\">\r\n\r\n            \r\n              <a href=\"#glightbox-inline-id-870\" class=\"team-card glightbox-inline-id-block-6a9c34979306e\">\r\n                                 <figure class=\"headshot image-circle ratio-1x1\">\r\n                   <img decoding=\"async\" src=\"https:\/\/omnict.mydev.ca\/wp-content\/uploads\/2023\/08\/DRotenberg_BW.jpg\" alt=\"\" \/>\r\n                 <\/figure>\r\n                <h3 class=\"is-style-wp-block-heading-h4 my-0 team-member-name\">Doug Rotenberg<\/h3>\r\n\r\n                                  <p class=\"team-member-title-description\">Conseiller strat\u00e9gique<\/p>\r\n                \r\n              <\/a>\r\n\r\n                      <\/div>\r\n\r\n          \r\n\r\n                  <div id=\"glightbox-inline-id-870\" style=\"display: none;\" class=\"glightbox-inline-popup team-card\">\r\n                      <div class=\"inline-innerbox\">\r\n                          <a class=\"gtrigger-close inline-close-btn\" href=\"#\"><svg xmlns=\"http:\/\/www.w3.org\/2000\/svg\" xmlns:xlink=\"http:\/\/www.w3.org\/1999\/xlink\" x=\"0px\" y=\"0px\" viewBox=\"0 0 512 512\" xml:space=\"preserve\"><g><g><path d=\"M505.943,6.058c-8.077-8.077-21.172-8.077-29.249,0L6.058,476.693c-8.077,8.077-8.077,21.172,0,29.249C10.096,509.982,15.39,512,20.683,512c5.293,0,10.586-2.019,14.625-6.059L505.943,35.306C514.019,27.23,514.019,14.135,505.943,6.058z\"><\/path><\/g><\/g><g><g><path d=\"M505.942,476.694L35.306,6.059c-8.076-8.077-21.172-8.077-29.248,0c-8.077,8.076-8.077,21.171,0,29.248l470.636,470.636c4.038,4.039,9.332,6.058,14.625,6.058c5.293,0,10.587-2.019,14.624-6.057C514.018,497.866,514.018,484.771,505.942,476.694z\"><\/path><\/g><\/g><\/svg><span class=\"sr\">Close Box<\/span><\/a>\r\n\r\n                        <div class=\"popup-row mt-4\">\r\n                            <div class=\"popup-column headshot\">\r\n                              <figure class=\"my-0 headshot image-circle ratio-1x1\">\r\n                                <img decoding=\"async\" src=\"https:\/\/omnict.mydev.ca\/wp-content\/uploads\/2023\/08\/DRotenberg_BW.jpg\" alt=\"\" \/>\r\n                              <\/figure>\r\n                            <\/div>\r\n                            <div class=\"popup-column content-container\">\r\n                              <h2 class=\"my-0 wp-block-heading has-text-weight is-bold is-style-wp-block-heading-h4\">Doug Rotenberg<span class=\"team-member-degree\">, MBA<\/span>                              <\/h2>\r\n                                                              <p class=\"my-0 team-member-title-description\">Conseiller strat\u00e9gique<span class=\"team-member-employment-date\">, Juin 2023 \u00e0 aujourd&rsquo;hui<\/span> <\/p>\r\n                              \r\n                              <p>Doug est un conseiller ind\u00e9pendant pour le capital-investissement, l\u2019industrie et les conseils d\u2019administration sur les questions commerciales li\u00e9es au d\u00e9veloppement et au financement de projets \u00e9nerg\u00e9tiques. Il a plus de 25 ans d\u2019exp\u00e9rience de cadre sup\u00e9rieur dans le commerce de l\u2019\u00e9nergie, le financement par emprunt\/\u00e9quit\u00e9 et le d\u00e9veloppement de projets \u00e9nerg\u00e9tiques (gaz, GNL, ammoniac, LGN) et a conclu d\u2019importants projets et transactions dans tous les \u00e9l\u00e9ments de la cha\u00eene de valeur \u00e9nerg\u00e9tique. globalement.<\/p>\n<p>Doug \u00e9tait un n\u00e9gociant en devises et en \u00e9nergie au d\u00e9but de sa carri\u00e8re avant de rejoindre Enron International \u00e0 Houston en 1993 o\u00f9 il a aid\u00e9 \u00e0 d\u00e9velopper et \u00e0 diriger son activit\u00e9 marchande de GNL.<\/p>\n<p>Doug a rejoint BP \u00e0 Londres en 2000 en tant que responsable mondial initial du GNL et a \u00e9t\u00e9 transf\u00e9r\u00e9 \u00e0 Singapour en 2006 o\u00f9 il a continu\u00e9 \u00e0 travailler avec le portefeuille de GNL en amont et n\u00e9goci\u00e9 de BP. Il a occup\u00e9 le poste de directeur commercial mondial pour l\u2019activit\u00e9 Integrated Supply &amp; Trading de BP jusqu\u2019\u00e0 sa retraite en 2015. Il est actuellement conseiller principal pour Clean Hydrogen Works et membre directeur d\u2019Odyssey Energy Advisors LLC.<\/p>\n<p>Doug est dipl\u00f4m\u00e9 de la Southern Methodist University en 1985 et a obtenu un MBA de l\u2019Universit\u00e9 de Caroline du Nord en 1988.<\/p>\n<p>En tant que conseiller strat\u00e9gique d\u2019OMNI, Rotenberg conseillera sur les questions commerciales et explorera les opportunit\u00e9s internationales pour l\u2019application des d\u00e9chets d\u2019OMNI afin de valoriser la technologie pour la production de carburants propres.<\/p>\n\r\n                                                          <\/div>\r\n\r\n                        <\/div>\r\n                      <\/div>\r\n                  <\/div>\r\n\r\n\r\n\r\n\r\n          \r\n\r\n\r\n                    \r\n\r\n\r\n\r\n\r\n\r\n<\/div>\r\n\n<\/div>\n          <\/div>\n        <\/div>\n\n\n        <\/div>\n    \n<\/div>\n\n\n\n<div  data-blockid=\"block-6a9c34979a444\" class=\"acf-wp-block panel-block acf-wp-block-parent-container acf-wp-block-section-group is-frontend-view   \" style=\"   margin-bottom: var(--wp--preset--spacing--medium);\">\n\n    <div class=\"inner-container\">\n  \n        <div class=\"has-innerblocks\">\n          <div class=\"innerblocks-wrapper\" style=\"\">\n            <div class=\"acf-innerblocks-container\">\n\n<h2 class=\"wp-block-heading is-style-wp-block-heading-h3\" style=\"text-transform:uppercase\">\u00c9quipe de haute direction<\/h2>\n\n\n\r\n<div  data-blockid=\"block-6a9c34979435c\" class=\"acf-wp-block acf-wp-block-team-popup is-frontend-view \" style=\"margin-top: var(--wp--preset--spacing--small); \">\r\n\r\n\r\n                  <div class=\"popup-container flex-layout is-4up\" data-id=\"block-6a9c34979435c\">\r\n\r\n            \r\n              <a href=\"#glightbox-inline-id-858\" class=\"team-card glightbox-inline-id-block-6a9c34979435c\">\r\n                                 <figure class=\"headshot image-circle ratio-1x1\">\r\n                   <img decoding=\"async\" src=\"https:\/\/omnict.mydev.ca\/wp-content\/uploads\/2023\/08\/BMcInnis_BW.jpg\" alt=\"\" \/>\r\n                 <\/figure>\r\n                <h3 class=\"is-style-wp-block-heading-h4 my-0 team-member-name\">Robert McInnis<\/h3>\r\n\r\n                                  <p class=\"team-member-title-description\">Chief Financial Officer<\/p>\r\n                \r\n              <\/a>\r\n\r\n            \r\n              <a href=\"#glightbox-inline-id-859\" class=\"team-card glightbox-inline-id-block-6a9c34979435c\">\r\n                                 <figure class=\"headshot image-circle ratio-1x1\">\r\n                   <img decoding=\"async\" src=\"https:\/\/omnict.mydev.ca\/wp-content\/uploads\/2023\/08\/MBacon_BW.jpg\" alt=\"\" \/>\r\n                 <\/figure>\r\n                <h3 class=\"is-style-wp-block-heading-h4 my-0 team-member-name\">Marc Bacon<\/h3>\r\n\r\n                                  <p class=\"team-member-title-description\">Pr\u00e9sident et chef de l&rsquo;exploitation<\/p>\r\n                \r\n              <\/a>\r\n\r\n            \r\n              <a href=\"#glightbox-inline-id-861\" class=\"team-card glightbox-inline-id-block-6a9c34979435c\">\r\n                                 <figure class=\"headshot image-circle ratio-1x1\">\r\n                   <img decoding=\"async\" src=\"https:\/\/omnict.mydev.ca\/wp-content\/uploads\/2023\/08\/JGallego_BW.jpg\" alt=\"\" \/>\r\n                 <\/figure>\r\n                <h3 class=\"is-style-wp-block-heading-h4 my-0 team-member-name\">Jorge Gallego<\/h3>\r\n\r\n                                  <p class=\"team-member-title-description\">Vice-pr\u00e9sident ex\u00e9cutif du d\u00e9veloppement des affaires<\/p>\r\n                \r\n              <\/a>\r\n\r\n            \r\n              <a href=\"#glightbox-inline-id-862\" class=\"team-card glightbox-inline-id-block-6a9c34979435c\">\r\n                                 <figure class=\"headshot image-circle ratio-1x1\">\r\n                   <img decoding=\"async\" src=\"https:\/\/omnict.mydev.ca\/wp-content\/uploads\/2023\/08\/XShi_BW.jpg\" alt=\"\" \/>\r\n                 <\/figure>\r\n                <h3 class=\"is-style-wp-block-heading-h4 my-0 team-member-name\">Xiaomei Shi<\/h3>\r\n\r\n                                  <p class=\"team-member-title-description\">Vice-pr\u00e9sident Chine<\/p>\r\n                \r\n              <\/a>\r\n\r\n            \r\n              <a href=\"#glightbox-inline-id-863\" class=\"team-card glightbox-inline-id-block-6a9c34979435c\">\r\n                                 <figure class=\"headshot image-circle ratio-1x1\">\r\n                   <img decoding=\"async\" src=\"https:\/\/omnict.mydev.ca\/wp-content\/uploads\/2023\/08\/RBennett_BW.jpg\" alt=\"\" \/>\r\n                 <\/figure>\r\n                <h3 class=\"is-style-wp-block-heading-h4 my-0 team-member-name\">Randy Bennett<\/h3>\r\n\r\n                                  <p class=\"team-member-title-description\">Vice-pr\u00e9sident d\u00e9veloppement des affaires<\/p>\r\n                \r\n              <\/a>\r\n\r\n            \r\n              <a href=\"#glightbox-inline-id-864\" class=\"team-card glightbox-inline-id-block-6a9c34979435c\">\r\n                                 <figure class=\"headshot image-circle ratio-1x1\">\r\n                   <img decoding=\"async\" src=\"https:\/\/omnict.mydev.ca\/wp-content\/uploads\/2023\/08\/CMamen_BW.jpg\" alt=\"\" \/>\r\n                 <\/figure>\r\n                <h3 class=\"is-style-wp-block-heading-h4 my-0 team-member-name\">Chris Mamen<\/h3>\r\n\r\n                                  <p class=\"team-member-title-description\">Vice-pr\u00e9sident Ing\u00e9nierie<\/p>\r\n                \r\n              <\/a>\r\n\r\n            \r\n              <a href=\"#glightbox-inline-id-865\" class=\"team-card glightbox-inline-id-block-6a9c34979435c\">\r\n                                 <figure class=\"headshot image-circle ratio-1x1\">\r\n                   <img decoding=\"async\" src=\"https:\/\/omnict.mydev.ca\/wp-content\/uploads\/2023\/08\/SKraynak_BW.jpg\" alt=\"\" \/>\r\n                 <\/figure>\r\n                <h3 class=\"is-style-wp-block-heading-h4 my-0 team-member-name\">Scott Kraynak<\/h3>\r\n\r\n                                  <p class=\"team-member-title-description\">Directeur des achats et vice-pr\u00e9sident de la fabrication<\/p>\r\n                \r\n              <\/a>\r\n\r\n            \r\n              <a href=\"#glightbox-inline-id-866\" class=\"team-card glightbox-inline-id-block-6a9c34979435c\">\r\n                                 <figure class=\"headshot image-circle ratio-1x1\">\r\n                   <img decoding=\"async\" src=\"https:\/\/omnict.mydev.ca\/wp-content\/uploads\/2023\/08\/RWhelan_BW.jpg\" alt=\"\" \/>\r\n                 <\/figure>\r\n                <h3 class=\"is-style-wp-block-heading-h4 my-0 team-member-name\">Roger Whelan<\/h3>\r\n\r\n                                  <p class=\"team-member-title-description\">Directeur commercial<\/p>\r\n                \r\n              <\/a>\r\n\r\n            \r\n              <a href=\"#glightbox-inline-id-867\" class=\"team-card glightbox-inline-id-block-6a9c34979435c\">\r\n                                 <figure class=\"headshot image-circle ratio-1x1\">\r\n                   <img decoding=\"async\" src=\"https:\/\/omnict.mydev.ca\/wp-content\/uploads\/2023\/08\/Untitled-design.jpg\" alt=\"\" \/>\r\n                 <\/figure>\r\n                <h3 class=\"is-style-wp-block-heading-h4 my-0 team-member-name\">Linda Wakim<\/h3>\r\n\r\n                                  <p class=\"team-member-title-description\">Directrice, Ressources humaines<\/p>\r\n                \r\n              <\/a>\r\n\r\n            \r\n              <a href=\"#glightbox-inline-id-868\" class=\"team-card glightbox-inline-id-block-6a9c34979435c\">\r\n                                 <figure class=\"headshot image-circle ratio-1x1\">\r\n                   <img decoding=\"async\" src=\"https:\/\/omnict.mydev.ca\/wp-content\/uploads\/2023\/08\/NCutler_BW.jpg\" alt=\"\" \/>\r\n                 <\/figure>\r\n                <h3 class=\"is-style-wp-block-heading-h4 my-0 team-member-name\">Natalie Cutler<\/h3>\r\n\r\n                                  <p class=\"team-member-title-description\">Directrice, Communications<\/p>\r\n                \r\n              <\/a>\r\n\r\n            \r\n              <a href=\"#glightbox-inline-id-869\" class=\"team-card glightbox-inline-id-block-6a9c34979435c\">\r\n                                 <figure class=\"headshot image-circle ratio-1x1\">\r\n                   <img decoding=\"async\" src=\"https:\/\/omnict.mydev.ca\/wp-content\/uploads\/2023\/08\/MWahl_BW.jpg\" alt=\"\" \/>\r\n                 <\/figure>\r\n                <h3 class=\"is-style-wp-block-heading-h4 my-0 team-member-name\">Michael Wahl<\/h3>\r\n\r\n                                  <p class=\"team-member-title-description\">Avocat g\u00e9n\u00e9ral et secr\u00e9taire g\u00e9n\u00e9ral<\/p>\r\n                \r\n              <\/a>\r\n\r\n            \r\n              <a href=\"#glightbox-inline-id-1035\" class=\"team-card glightbox-inline-id-block-6a9c34979435c\">\r\n                                 <figure class=\"headshot image-circle ratio-1x1\">\r\n                   <img decoding=\"async\" src=\"https:\/\/omnict.mydev.ca\/wp-content\/uploads\/2023\/08\/LSzczepankowski_BW.jpg\" alt=\"\" \/>\r\n                 <\/figure>\r\n                <h3 class=\"is-style-wp-block-heading-h4 my-0 team-member-name\">Lukasz Szczepankowski<\/h3>\r\n\r\n                                  <p class=\"team-member-title-description\">VP Commercial North America<\/p>\r\n                \r\n              <\/a>\r\n\r\n            \r\n              <a href=\"#glightbox-inline-id-1039\" class=\"team-card glightbox-inline-id-block-6a9c34979435c\">\r\n                                 <figure class=\"headshot image-circle ratio-1x1\">\r\n                   <img decoding=\"async\" src=\"https:\/\/omnict.mydev.ca\/wp-content\/uploads\/2023\/08\/TFong_BW.jpg\" alt=\"\" \/>\r\n                 <\/figure>\r\n                <h3 class=\"is-style-wp-block-heading-h4 my-0 team-member-name\">Terence Fong<\/h3>\r\n\r\n                                  <p class=\"team-member-title-description\">VP Corporate Development &#038; Strategy<\/p>\r\n                \r\n              <\/a>\r\n\r\n                      <\/div>\r\n\r\n          \r\n\r\n                  <div id=\"glightbox-inline-id-858\" style=\"display: none;\" class=\"glightbox-inline-popup team-card\">\r\n                      <div class=\"inline-innerbox\">\r\n                          <a class=\"gtrigger-close inline-close-btn\" href=\"#\"><svg xmlns=\"http:\/\/www.w3.org\/2000\/svg\" xmlns:xlink=\"http:\/\/www.w3.org\/1999\/xlink\" x=\"0px\" y=\"0px\" viewBox=\"0 0 512 512\" xml:space=\"preserve\"><g><g><path d=\"M505.943,6.058c-8.077-8.077-21.172-8.077-29.249,0L6.058,476.693c-8.077,8.077-8.077,21.172,0,29.249C10.096,509.982,15.39,512,20.683,512c5.293,0,10.586-2.019,14.625-6.059L505.943,35.306C514.019,27.23,514.019,14.135,505.943,6.058z\"><\/path><\/g><\/g><g><g><path d=\"M505.942,476.694L35.306,6.059c-8.076-8.077-21.172-8.077-29.248,0c-8.077,8.076-8.077,21.171,0,29.248l470.636,470.636c4.038,4.039,9.332,6.058,14.625,6.058c5.293,0,10.587-2.019,14.624-6.057C514.018,497.866,514.018,484.771,505.942,476.694z\"><\/path><\/g><\/g><\/svg><span class=\"sr\">Close Box<\/span><\/a>\r\n\r\n                        <div class=\"popup-row mt-4\">\r\n                            <div class=\"popup-column headshot\">\r\n                              <figure class=\"my-0 headshot image-circle ratio-1x1\">\r\n                                <img decoding=\"async\" src=\"https:\/\/omnict.mydev.ca\/wp-content\/uploads\/2023\/08\/BMcInnis_BW.jpg\" alt=\"\" \/>\r\n                              <\/figure>\r\n                            <\/div>\r\n                            <div class=\"popup-column content-container\">\r\n                              <h2 class=\"my-0 wp-block-heading has-text-weight is-bold is-style-wp-block-heading-h4\">Robert McInnis<span class=\"team-member-degree\">, B Math, CA (1978-2012)<\/span>                              <\/h2>\r\n                                                              <p class=\"my-0 team-member-title-description\">Chief Financial Officer<span class=\"team-member-employment-date\">, 2015 &#8211; Present <\/span> <\/p>\r\n                              \r\n                              <p>Vice President and Chief Financial Officer for SC Stormont Corporation (1991 to present), SC Stormont Holdings Inc. (2005 to present), and RMB Advisory Services Inc., each of which is owned by R.M. Bryden.<\/p>\n<p>President and Chief Operating Officer, Pharmagap Inc., a TSX Venture company, 2005 to 2012.<\/p>\n<p>Experienced financial executive in public and private corporate settings, with extensive experience in complex corporate financial structures and financings, including tax-based components. Past transactional experience with public offerings of equity, as well as private funding for the initial creation of the Ottawa Senators Hockey Club (past Director) and the Corel Centre in Ottawa (now the CanadianTire Centre).<\/p>\n\r\n                                                          <\/div>\r\n\r\n                        <\/div>\r\n                      <\/div>\r\n                  <\/div>\r\n\r\n\r\n\r\n\r\n          \r\n\r\n                  <div id=\"glightbox-inline-id-859\" style=\"display: none;\" class=\"glightbox-inline-popup team-card\">\r\n                      <div class=\"inline-innerbox\">\r\n                          <a class=\"gtrigger-close inline-close-btn\" href=\"#\"><svg xmlns=\"http:\/\/www.w3.org\/2000\/svg\" xmlns:xlink=\"http:\/\/www.w3.org\/1999\/xlink\" x=\"0px\" y=\"0px\" viewBox=\"0 0 512 512\" xml:space=\"preserve\"><g><g><path d=\"M505.943,6.058c-8.077-8.077-21.172-8.077-29.249,0L6.058,476.693c-8.077,8.077-8.077,21.172,0,29.249C10.096,509.982,15.39,512,20.683,512c5.293,0,10.586-2.019,14.625-6.059L505.943,35.306C514.019,27.23,514.019,14.135,505.943,6.058z\"><\/path><\/g><\/g><g><g><path d=\"M505.942,476.694L35.306,6.059c-8.076-8.077-21.172-8.077-29.248,0c-8.077,8.076-8.077,21.171,0,29.248l470.636,470.636c4.038,4.039,9.332,6.058,14.625,6.058c5.293,0,10.587-2.019,14.624-6.057C514.018,497.866,514.018,484.771,505.942,476.694z\"><\/path><\/g><\/g><\/svg><span class=\"sr\">Close Box<\/span><\/a>\r\n\r\n                        <div class=\"popup-row mt-4\">\r\n                            <div class=\"popup-column headshot\">\r\n                              <figure class=\"my-0 headshot image-circle ratio-1x1\">\r\n                                <img decoding=\"async\" src=\"https:\/\/omnict.mydev.ca\/wp-content\/uploads\/2023\/08\/MBacon_BW.jpg\" alt=\"\" \/>\r\n                              <\/figure>\r\n                            <\/div>\r\n                            <div class=\"popup-column content-container\">\r\n                              <h2 class=\"my-0 wp-block-heading has-text-weight is-bold is-style-wp-block-heading-h4\">Marc Bacon<span class=\"team-member-degree\">, P.Eng MBA<\/span>                              <\/h2>\r\n                                                              <p class=\"my-0 team-member-title-description\">Pr\u00e9sident et chef de l&rsquo;exploitation<span class=\"team-member-employment-date\">, 2015 \u2013 Pr\u00e9sent, 2007-2014<\/span> <\/p>\r\n                              \r\n                              <ul>\n<li>Marc a dirig\u00e9 l\u2019\u00e9quipe qui a fait progresser la technologie vers la pr\u00e9paration commerciale et la d\u00e9ploie maintenant dans le monde entier.<\/li>\n<li>La direction de Marc, avec plus de 1,2 M d\u2019heures d\u2019efforts, l\u2019\u00e9quipe omni ct a d\u00e9velopp\u00e9 plus de 20 familles de brevets, con\u00e7u et soutenu les op\u00e9rations de la seule usine de d\u00e9monstration \u00e0 grande \u00e9chelle au monde dans son espace. Il a ensuite emball\u00e9 le syst\u00e8me dans une conception commerciale modulaire et mis en place une cha\u00eene d\u2019approvisionnement internationale \u00e0 faible co\u00fbt et de haute qualit\u00e9 pour le produire.<\/li>\n<li>A 40 ans d\u2019exploitation, d\u2019exp\u00e9rience de direction et d\u2019ing\u00e9nierie, notamment : expertise technique en gaz\u00e9ification, mat\u00e9riaux, fabrication d\u2019acier, usinage lourd et plasma thermique.<\/li>\n<\/ul>\n\r\n                                                          <\/div>\r\n\r\n                        <\/div>\r\n                      <\/div>\r\n                  <\/div>\r\n\r\n\r\n\r\n\r\n          \r\n\r\n                  <div id=\"glightbox-inline-id-861\" style=\"display: none;\" class=\"glightbox-inline-popup team-card\">\r\n                      <div class=\"inline-innerbox\">\r\n                          <a class=\"gtrigger-close inline-close-btn\" href=\"#\"><svg xmlns=\"http:\/\/www.w3.org\/2000\/svg\" xmlns:xlink=\"http:\/\/www.w3.org\/1999\/xlink\" x=\"0px\" y=\"0px\" viewBox=\"0 0 512 512\" xml:space=\"preserve\"><g><g><path d=\"M505.943,6.058c-8.077-8.077-21.172-8.077-29.249,0L6.058,476.693c-8.077,8.077-8.077,21.172,0,29.249C10.096,509.982,15.39,512,20.683,512c5.293,0,10.586-2.019,14.625-6.059L505.943,35.306C514.019,27.23,514.019,14.135,505.943,6.058z\"><\/path><\/g><\/g><g><g><path d=\"M505.942,476.694L35.306,6.059c-8.076-8.077-21.172-8.077-29.248,0c-8.077,8.076-8.077,21.171,0,29.248l470.636,470.636c4.038,4.039,9.332,6.058,14.625,6.058c5.293,0,10.587-2.019,14.624-6.057C514.018,497.866,514.018,484.771,505.942,476.694z\"><\/path><\/g><\/g><\/svg><span class=\"sr\">Close Box<\/span><\/a>\r\n\r\n                        <div class=\"popup-row mt-4\">\r\n                            <div class=\"popup-column headshot\">\r\n                              <figure class=\"my-0 headshot image-circle ratio-1x1\">\r\n                                <img decoding=\"async\" src=\"https:\/\/omnict.mydev.ca\/wp-content\/uploads\/2023\/08\/JGallego_BW.jpg\" alt=\"\" \/>\r\n                              <\/figure>\r\n                            <\/div>\r\n                            <div class=\"popup-column content-container\">\r\n                              <h2 class=\"my-0 wp-block-heading has-text-weight is-bold is-style-wp-block-heading-h4\">Jorge Gallego<span class=\"team-member-degree\">, M. Engineering Civil &#038; Land Planning &#038; Transport, INSEAD MBA<\/span>                              <\/h2>\r\n                                                              <p class=\"my-0 team-member-title-description\">Vice-pr\u00e9sident ex\u00e9cutif du d\u00e9veloppement des affaires<span class=\"team-member-employment-date\">, 2017 \u2013 Pr\u00e9sent, membre du conseil d\u2019administration 2005-2010<\/span> <\/p>\r\n                              \r\n                              <ul>\n<li>Cadre sup\u00e9rieur exp\u00e9riment\u00e9 de gestion des d\u00e9chets apportant ses relations de march\u00e9 et ses connaissances approfondies pour diriger le d\u00e9veloppement des affaires et les fusions et acquisitions de Barcelone en Espagne.<\/li>\n<li>Pionnier dans le d\u00e9veloppement de la gaz\u00e9ification plasmatique, l\u2019installation de la premi\u00e8re usine pilote qui a prouv\u00e9 avec succ\u00e8s le concept Plasco en 2005.<\/li>\n<li>Ancien Directeur &amp; GM pour le Groupe Hera de d\u00e9marrage \u00e0 200 millions de dollars de chiffre d\u2019affaires avec 10% \u00b1 EBIT en Espagne, Portugal, Allemagne, France, Am\u00e9rique du Sud et Moyen-Orient.<\/li>\n<\/ul>\n\r\n                                                          <\/div>\r\n\r\n                        <\/div>\r\n                      <\/div>\r\n                  <\/div>\r\n\r\n\r\n\r\n\r\n          \r\n\r\n                  <div id=\"glightbox-inline-id-862\" style=\"display: none;\" class=\"glightbox-inline-popup team-card\">\r\n                      <div class=\"inline-innerbox\">\r\n                          <a class=\"gtrigger-close inline-close-btn\" href=\"#\"><svg xmlns=\"http:\/\/www.w3.org\/2000\/svg\" xmlns:xlink=\"http:\/\/www.w3.org\/1999\/xlink\" x=\"0px\" y=\"0px\" viewBox=\"0 0 512 512\" xml:space=\"preserve\"><g><g><path d=\"M505.943,6.058c-8.077-8.077-21.172-8.077-29.249,0L6.058,476.693c-8.077,8.077-8.077,21.172,0,29.249C10.096,509.982,15.39,512,20.683,512c5.293,0,10.586-2.019,14.625-6.059L505.943,35.306C514.019,27.23,514.019,14.135,505.943,6.058z\"><\/path><\/g><\/g><g><g><path d=\"M505.942,476.694L35.306,6.059c-8.076-8.077-21.172-8.077-29.248,0c-8.077,8.076-8.077,21.171,0,29.248l470.636,470.636c4.038,4.039,9.332,6.058,14.625,6.058c5.293,0,10.587-2.019,14.624-6.057C514.018,497.866,514.018,484.771,505.942,476.694z\"><\/path><\/g><\/g><\/svg><span class=\"sr\">Close Box<\/span><\/a>\r\n\r\n                        <div class=\"popup-row mt-4\">\r\n                            <div class=\"popup-column headshot\">\r\n                              <figure class=\"my-0 headshot image-circle ratio-1x1\">\r\n                                <img decoding=\"async\" src=\"https:\/\/omnict.mydev.ca\/wp-content\/uploads\/2023\/08\/XShi_BW.jpg\" alt=\"\" \/>\r\n                              <\/figure>\r\n                            <\/div>\r\n                            <div class=\"popup-column content-container\">\r\n                              <h2 class=\"my-0 wp-block-heading has-text-weight is-bold is-style-wp-block-heading-h4\">Xiaomei Shi<span class=\"team-member-degree\">, B. Comp Eng, M. Comp Science<\/span>                              <\/h2>\r\n                                                              <p class=\"my-0 team-member-title-description\">Vice-pr\u00e9sident Chine<span class=\"team-member-employment-date\">, 2019 \u2013 Pr\u00e9sent, 2009-2015<\/span> <\/p>\r\n                              \r\n                              <ul>\n<li>de l\u2019exploitation des relations en Chine avec les grandes entreprises d\u2019\u00c9tat et les entreprises priv\u00e9es<\/li>\n<li>Pr\u00e9c\u00e9demment ouvert le march\u00e9 chinois pour OMNI CT en cr\u00e9ant 3 entreprises enti\u00e8rement \u00e9trang\u00e8res (WFOE) en Chine- HK, Beijing et Chengdu; Cr\u00e9ation d\u2019Omni Technology en tant que technologie bien connue et r\u00e9put\u00e9e pour attirer des clients chinois.<\/li>\n<li>Assembl\u00e9 et form\u00e9 l\u2019\u00e9quipe synergique omni CT Chine, a ouvert 5 grandes cha\u00eenes chinoises: Chengdu, Zhengzhou, Shandong, Henan et Beijing.<\/li>\n<\/ul>\n\r\n                                                          <\/div>\r\n\r\n                        <\/div>\r\n                      <\/div>\r\n                  <\/div>\r\n\r\n\r\n\r\n\r\n          \r\n\r\n                  <div id=\"glightbox-inline-id-863\" style=\"display: none;\" class=\"glightbox-inline-popup team-card\">\r\n                      <div class=\"inline-innerbox\">\r\n                          <a class=\"gtrigger-close inline-close-btn\" href=\"#\"><svg xmlns=\"http:\/\/www.w3.org\/2000\/svg\" xmlns:xlink=\"http:\/\/www.w3.org\/1999\/xlink\" x=\"0px\" y=\"0px\" viewBox=\"0 0 512 512\" xml:space=\"preserve\"><g><g><path d=\"M505.943,6.058c-8.077-8.077-21.172-8.077-29.249,0L6.058,476.693c-8.077,8.077-8.077,21.172,0,29.249C10.096,509.982,15.39,512,20.683,512c5.293,0,10.586-2.019,14.625-6.059L505.943,35.306C514.019,27.23,514.019,14.135,505.943,6.058z\"><\/path><\/g><\/g><g><g><path d=\"M505.942,476.694L35.306,6.059c-8.076-8.077-21.172-8.077-29.248,0c-8.077,8.076-8.077,21.171,0,29.248l470.636,470.636c4.038,4.039,9.332,6.058,14.625,6.058c5.293,0,10.587-2.019,14.624-6.057C514.018,497.866,514.018,484.771,505.942,476.694z\"><\/path><\/g><\/g><\/svg><span class=\"sr\">Close Box<\/span><\/a>\r\n\r\n                        <div class=\"popup-row mt-4\">\r\n                            <div class=\"popup-column headshot\">\r\n                              <figure class=\"my-0 headshot image-circle ratio-1x1\">\r\n                                <img decoding=\"async\" src=\"https:\/\/omnict.mydev.ca\/wp-content\/uploads\/2023\/08\/RBennett_BW.jpg\" alt=\"\" \/>\r\n                              <\/figure>\r\n                            <\/div>\r\n                            <div class=\"popup-column content-container\">\r\n                              <h2 class=\"my-0 wp-block-heading has-text-weight is-bold is-style-wp-block-heading-h4\">Randy Bennett                              <\/h2>\r\n                                                              <p class=\"my-0 team-member-title-description\">Vice-pr\u00e9sident d\u00e9veloppement des affaires<span class=\"team-member-employment-date\">, 2016 \u2013 Pr\u00e9sent, 2005-2009<\/span> <\/p>\r\n                              \r\n                              <ul>\n<li>Randy est un dirigeant d\u2019entreprise avec 30 ans de d\u00e9veloppement des affaires sur les march\u00e9s internationaux. Il s\u2019est joint au pr\u00e9d\u00e9cesseur d\u2019Omni, RCL Plasma, en 1996 apr\u00e8s avoir travaill\u00e9 pendant dix ans dans le secteur de la haute technologie o\u00f9 il avait des responsabilit\u00e9s en mati\u00e8re de d\u00e9veloppement des affaires en mati\u00e8re de tarification et de n\u00e9gociation de contrats.<\/li>\n<li>Avec une formation en administration des affaires Randy a \u00e9galement apport\u00e9 la planification strat\u00e9gique et l\u2019expertise budg\u00e9taire pour soutenir l\u2019OMNI CT \u00e0 ses d\u00e9buts.<\/li>\n<li>En tant que cadre chez OMNI CT, Randy a \u00e9t\u00e9 largement impliqu\u00e9 dans; les augmentations d\u2019actions, le d\u00e9veloppement de projets, les relations avec les clients et les n\u00e9gociations contractuelles sur les march\u00e9s locaux et \u00e9trangers, y compris l\u2019orientation strat\u00e9gique pour faire progresser le march\u00e9 chinois.<\/li>\n<\/ul>\n\r\n                                                          <\/div>\r\n\r\n                        <\/div>\r\n                      <\/div>\r\n                  <\/div>\r\n\r\n\r\n\r\n\r\n          \r\n\r\n                  <div id=\"glightbox-inline-id-864\" style=\"display: none;\" class=\"glightbox-inline-popup team-card\">\r\n                      <div class=\"inline-innerbox\">\r\n                          <a class=\"gtrigger-close inline-close-btn\" href=\"#\"><svg xmlns=\"http:\/\/www.w3.org\/2000\/svg\" xmlns:xlink=\"http:\/\/www.w3.org\/1999\/xlink\" x=\"0px\" y=\"0px\" viewBox=\"0 0 512 512\" xml:space=\"preserve\"><g><g><path d=\"M505.943,6.058c-8.077-8.077-21.172-8.077-29.249,0L6.058,476.693c-8.077,8.077-8.077,21.172,0,29.249C10.096,509.982,15.39,512,20.683,512c5.293,0,10.586-2.019,14.625-6.059L505.943,35.306C514.019,27.23,514.019,14.135,505.943,6.058z\"><\/path><\/g><\/g><g><g><path d=\"M505.942,476.694L35.306,6.059c-8.076-8.077-21.172-8.077-29.248,0c-8.077,8.076-8.077,21.171,0,29.248l470.636,470.636c4.038,4.039,9.332,6.058,14.625,6.058c5.293,0,10.587-2.019,14.624-6.057C514.018,497.866,514.018,484.771,505.942,476.694z\"><\/path><\/g><\/g><\/svg><span class=\"sr\">Close Box<\/span><\/a>\r\n\r\n                        <div class=\"popup-row mt-4\">\r\n                            <div class=\"popup-column headshot\">\r\n                              <figure class=\"my-0 headshot image-circle ratio-1x1\">\r\n                                <img decoding=\"async\" src=\"https:\/\/omnict.mydev.ca\/wp-content\/uploads\/2023\/08\/CMamen_BW.jpg\" alt=\"\" \/>\r\n                              <\/figure>\r\n                            <\/div>\r\n                            <div class=\"popup-column content-container\">\r\n                              <h2 class=\"my-0 wp-block-heading has-text-weight is-bold is-style-wp-block-heading-h4\">Chris Mamen<span class=\"team-member-degree\">, M.Eng., P.Eng.<\/span>                              <\/h2>\r\n                                                              <p class=\"my-0 team-member-title-description\">Vice-pr\u00e9sident Ing\u00e9nierie<span class=\"team-member-employment-date\">, Avril 2021 \u00e0 Pr\u00e9sent<\/span> <\/p>\r\n                              \r\n                              <ul>\n<li>Chris apporte une exp\u00e9rience pratique en ing\u00e9nierie et en exploitation du d\u00e9veloppement IP de base d\u2019OMNI \u00e0 Plasco Trail Road.<\/li>\n<li>Gestion de projets cl\u00e9s en main d\u2019installations p\u00e9troli\u00e8res et gazi\u00e8res utilisant une strat\u00e9gie simultan\u00e9e d\u2019ing\u00e9nierie-conception-fabrication-construction.<\/li>\n<li>Expert de l\u2019industrie p\u00e9troli\u00e8re et gazi\u00e8re dans le d\u00e9veloppement de technologies propres et la gestion des \u00e9missions. Accompagnement des soci\u00e9t\u00e9s p\u00e9troli\u00e8res et gazi\u00e8res sur les strat\u00e9gies de r\u00e9duction des \u00e9missions\u00a0; des projets de compensation des \u00e9missions (EO) d\u00e9velopp\u00e9s\u00a0; commercialisation de nouveaux produits de contr\u00f4le des \u00e9missions. Vice-pr\u00e9sident de la norme nationale r\u00e9gissant les dispositifs de contr\u00f4le des \u00e9missions dans l\u2019industrie p\u00e9troli\u00e8re et gazi\u00e8re.<\/li>\n<li>A rejoint OMNI en 2021 pour diriger l\u2019ing\u00e9nierie dans la commercialisation du GPRS d\u2019OMNI.<\/li>\n<\/ul>\n\r\n                                                          <\/div>\r\n\r\n                        <\/div>\r\n                      <\/div>\r\n                  <\/div>\r\n\r\n\r\n\r\n\r\n          \r\n\r\n                  <div id=\"glightbox-inline-id-865\" style=\"display: none;\" class=\"glightbox-inline-popup team-card\">\r\n                      <div class=\"inline-innerbox\">\r\n                          <a class=\"gtrigger-close inline-close-btn\" href=\"#\"><svg xmlns=\"http:\/\/www.w3.org\/2000\/svg\" xmlns:xlink=\"http:\/\/www.w3.org\/1999\/xlink\" x=\"0px\" y=\"0px\" viewBox=\"0 0 512 512\" xml:space=\"preserve\"><g><g><path d=\"M505.943,6.058c-8.077-8.077-21.172-8.077-29.249,0L6.058,476.693c-8.077,8.077-8.077,21.172,0,29.249C10.096,509.982,15.39,512,20.683,512c5.293,0,10.586-2.019,14.625-6.059L505.943,35.306C514.019,27.23,514.019,14.135,505.943,6.058z\"><\/path><\/g><\/g><g><g><path d=\"M505.942,476.694L35.306,6.059c-8.076-8.077-21.172-8.077-29.248,0c-8.077,8.076-8.077,21.171,0,29.248l470.636,470.636c4.038,4.039,9.332,6.058,14.625,6.058c5.293,0,10.587-2.019,14.624-6.057C514.018,497.866,514.018,484.771,505.942,476.694z\"><\/path><\/g><\/g><\/svg><span class=\"sr\">Close Box<\/span><\/a>\r\n\r\n                        <div class=\"popup-row mt-4\">\r\n                            <div class=\"popup-column headshot\">\r\n                              <figure class=\"my-0 headshot image-circle ratio-1x1\">\r\n                                <img decoding=\"async\" src=\"https:\/\/omnict.mydev.ca\/wp-content\/uploads\/2023\/08\/SKraynak_BW.jpg\" alt=\"\" \/>\r\n                              <\/figure>\r\n                            <\/div>\r\n                            <div class=\"popup-column content-container\">\r\n                              <h2 class=\"my-0 wp-block-heading has-text-weight is-bold is-style-wp-block-heading-h4\">Scott Kraynak<span class=\"team-member-degree\">, B.S. MBA, BS G\u00e9nie chimique et MBA de l&rsquo;Universit\u00e9 Rice<\/span>                              <\/h2>\r\n                                                              <p class=\"my-0 team-member-title-description\">Directeur des achats et vice-pr\u00e9sident de la fabrication<span class=\"team-member-employment-date\">, Septembre 2022 \u00e0 aujourd&rsquo;hui<\/span> <\/p>\r\n                              \r\n                              <ul>\n<li id=\"tw-target-text\" class=\"tw-data-text tw-text-large tw-ta\" dir=\"ltr\" data-placeholder=\"Translation\"><span class=\"Y2IQFc\" lang=\"fr\">Scott est un cadre sup\u00e9rieur avec plus de 20 ans d\u2019exp\u00e9rience dans la cr\u00e9ation et la direction de cha\u00eenes d\u2019approvisionnement et d\u2019organisations d\u2019approvisionnement de classe mondiale.<\/span><\/li>\n<li class=\"tw-data-text tw-text-large tw-ta\" dir=\"ltr\" data-placeholder=\"Translation\"><span class=\"Y2IQFc\" lang=\"fr\">A dirig\u00e9 les transformations de la cha\u00eene d\u2019approvisionnement mondiale chez Aker Solutions et Husky Injection Molding Systems.<\/span><\/li>\n<li class=\"tw-data-text tw-text-large tw-ta\" dir=\"ltr\" data-placeholder=\"Translation\"><span class=\"Y2IQFc\" lang=\"fr\">Vaste expertise de la cha\u00eene d\u2019approvisionnement dans les r\u00f4les op\u00e9rationnels et de conseil et dans de multiples secteurs \u2013 p\u00e9trochimie, fabrication, p\u00e9trole et gaz, services informatiques, MRO, dispositifs m\u00e9dicaux, services publics et logistique.<\/span><\/li>\n<\/ul>\n\r\n                                                          <\/div>\r\n\r\n                        <\/div>\r\n                      <\/div>\r\n                  <\/div>\r\n\r\n\r\n\r\n\r\n          \r\n\r\n                  <div id=\"glightbox-inline-id-866\" style=\"display: none;\" class=\"glightbox-inline-popup team-card\">\r\n                      <div class=\"inline-innerbox\">\r\n                          <a class=\"gtrigger-close inline-close-btn\" href=\"#\"><svg xmlns=\"http:\/\/www.w3.org\/2000\/svg\" xmlns:xlink=\"http:\/\/www.w3.org\/1999\/xlink\" x=\"0px\" y=\"0px\" viewBox=\"0 0 512 512\" xml:space=\"preserve\"><g><g><path d=\"M505.943,6.058c-8.077-8.077-21.172-8.077-29.249,0L6.058,476.693c-8.077,8.077-8.077,21.172,0,29.249C10.096,509.982,15.39,512,20.683,512c5.293,0,10.586-2.019,14.625-6.059L505.943,35.306C514.019,27.23,514.019,14.135,505.943,6.058z\"><\/path><\/g><\/g><g><g><path d=\"M505.942,476.694L35.306,6.059c-8.076-8.077-21.172-8.077-29.248,0c-8.077,8.076-8.077,21.171,0,29.248l470.636,470.636c4.038,4.039,9.332,6.058,14.625,6.058c5.293,0,10.587-2.019,14.624-6.057C514.018,497.866,514.018,484.771,505.942,476.694z\"><\/path><\/g><\/g><\/svg><span class=\"sr\">Close Box<\/span><\/a>\r\n\r\n                        <div class=\"popup-row mt-4\">\r\n                            <div class=\"popup-column headshot\">\r\n                              <figure class=\"my-0 headshot image-circle ratio-1x1\">\r\n                                <img decoding=\"async\" src=\"https:\/\/omnict.mydev.ca\/wp-content\/uploads\/2023\/08\/RWhelan_BW.jpg\" alt=\"\" \/>\r\n                              <\/figure>\r\n                            <\/div>\r\n                            <div class=\"popup-column content-container\">\r\n                              <h2 class=\"my-0 wp-block-heading has-text-weight is-bold is-style-wp-block-heading-h4\">Roger Whelan<span class=\"team-member-degree\">, B.Ing, MSc et MBA de la Wharton School<\/span>                              <\/h2>\r\n                                                              <p class=\"my-0 team-member-title-description\">Directeur commercial<span class=\"team-member-employment-date\">, janvier 2023 \u00e0 aujourd&rsquo;hui<\/span> <\/p>\r\n                              \r\n                              <ul>\n<li>Roger est un dirigeant chevronn\u00e9 de l\u2019\u00e9nergie avec plus de 25 ans d\u2019exp\u00e9rience dans l\u2019ex\u00e9cution d\u2019opportunit\u00e9s d\u2019infrastructures \u00e9nerg\u00e9tiques et dans la direction de strat\u00e9gies de transition \u00e9nerg\u00e9tique pour le secteur p\u00e9trolier et gazier.<\/li>\n<li>Avant de rejoindre OMNI CT, Roger \u00e9tait directeur g\u00e9n\u00e9ral et responsable du d\u00e9veloppement de l\u2019entreprise pour Uniper Global Commodities North America.<\/li>\n<li>A occup\u00e9 le poste de PDG de Meridian LNG, un d\u00e9veloppeur de capital-investissement de l\u2019approvisionnement en GNL du bassin atlantique et a occup\u00e9 des postes de direction chez Canadian Superior, BG North America et BG Trinidad &amp; Tobago.<\/li>\n<li>A \u00e9t\u00e9 responsable du conseil en p\u00e9trole et gaz pour N.M. Rothschild &amp; Sons, directeur financier pour Amoco Eurasia et analyste en finance d\u2019entreprise chez Morgan Stanley International.<\/li>\n<li>Roger est titulaire d\u2019un MBA de la Wharton School, d\u2019un MSc de l\u2019Imperial College London et d\u2019un BEng\/BA Mathematics du Trinity College Dublin<\/li>\n<\/ul>\n\r\n                                                          <\/div>\r\n\r\n                        <\/div>\r\n                      <\/div>\r\n                  <\/div>\r\n\r\n\r\n\r\n\r\n          \r\n\r\n                  <div id=\"glightbox-inline-id-867\" style=\"display: none;\" class=\"glightbox-inline-popup team-card\">\r\n                      <div class=\"inline-innerbox\">\r\n                          <a class=\"gtrigger-close inline-close-btn\" href=\"#\"><svg xmlns=\"http:\/\/www.w3.org\/2000\/svg\" xmlns:xlink=\"http:\/\/www.w3.org\/1999\/xlink\" x=\"0px\" y=\"0px\" viewBox=\"0 0 512 512\" xml:space=\"preserve\"><g><g><path d=\"M505.943,6.058c-8.077-8.077-21.172-8.077-29.249,0L6.058,476.693c-8.077,8.077-8.077,21.172,0,29.249C10.096,509.982,15.39,512,20.683,512c5.293,0,10.586-2.019,14.625-6.059L505.943,35.306C514.019,27.23,514.019,14.135,505.943,6.058z\"><\/path><\/g><\/g><g><g><path d=\"M505.942,476.694L35.306,6.059c-8.076-8.077-21.172-8.077-29.248,0c-8.077,8.076-8.077,21.171,0,29.248l470.636,470.636c4.038,4.039,9.332,6.058,14.625,6.058c5.293,0,10.587-2.019,14.624-6.057C514.018,497.866,514.018,484.771,505.942,476.694z\"><\/path><\/g><\/g><\/svg><span class=\"sr\">Close Box<\/span><\/a>\r\n\r\n                        <div class=\"popup-row mt-4\">\r\n                            <div class=\"popup-column headshot\">\r\n                              <figure class=\"my-0 headshot image-circle ratio-1x1\">\r\n                                <img decoding=\"async\" src=\"https:\/\/omnict.mydev.ca\/wp-content\/uploads\/2023\/08\/Untitled-design.jpg\" alt=\"\" \/>\r\n                              <\/figure>\r\n                            <\/div>\r\n                            <div class=\"popup-column content-container\">\r\n                              <h2 class=\"my-0 wp-block-heading has-text-weight is-bold is-style-wp-block-heading-h4\">Linda Wakim                              <\/h2>\r\n                                                              <p class=\"my-0 team-member-title-description\">Directrice, Ressources humaines<span class=\"team-member-employment-date\">, janvier 2023 \u00e0 aujourd&rsquo;hui<\/span> <\/p>\r\n                              \r\n                              <ul>\n<li>Linda est une responsable professionnelle des ressources humaines avec plus de 25 ans d\u2019exp\u00e9rience dans la supervision de la culture d\u2019entreprise, des employ\u00e9s et des relations de travail pour des industries hautement r\u00e9glement\u00e9es.<\/li>\n<li>Avant de rejoindre OMNI CT, Linda \u00e9tait responsable des ressources humaines pour BWXT Medical Ltd.<\/li>\n<li>Exp\u00e9rience compl\u00e8te en gestion des ressources humaines, relations de travail, recrutement, r\u00e9tention et communications r\u00e9sultant en des relations de confiance et des partenariats efficaces.<\/li>\n<li>Linda est titulaire d\u2019un baccalaur\u00e9at sp\u00e9cialis\u00e9 de l\u2019Universit\u00e9 Queen\u2019s, est une coach int\u00e9grale certifi\u00e9e et est une sp\u00e9cialiste certifi\u00e9e de l\u2019engagement des employ\u00e9s Gallup.<\/li>\n<\/ul>\n\r\n                                                          <\/div>\r\n\r\n                        <\/div>\r\n                      <\/div>\r\n                  <\/div>\r\n\r\n\r\n\r\n\r\n          \r\n\r\n                  <div id=\"glightbox-inline-id-868\" style=\"display: none;\" class=\"glightbox-inline-popup team-card\">\r\n                      <div class=\"inline-innerbox\">\r\n                          <a class=\"gtrigger-close inline-close-btn\" href=\"#\"><svg xmlns=\"http:\/\/www.w3.org\/2000\/svg\" xmlns:xlink=\"http:\/\/www.w3.org\/1999\/xlink\" x=\"0px\" y=\"0px\" viewBox=\"0 0 512 512\" xml:space=\"preserve\"><g><g><path d=\"M505.943,6.058c-8.077-8.077-21.172-8.077-29.249,0L6.058,476.693c-8.077,8.077-8.077,21.172,0,29.249C10.096,509.982,15.39,512,20.683,512c5.293,0,10.586-2.019,14.625-6.059L505.943,35.306C514.019,27.23,514.019,14.135,505.943,6.058z\"><\/path><\/g><\/g><g><g><path d=\"M505.942,476.694L35.306,6.059c-8.076-8.077-21.172-8.077-29.248,0c-8.077,8.076-8.077,21.171,0,29.248l470.636,470.636c4.038,4.039,9.332,6.058,14.625,6.058c5.293,0,10.587-2.019,14.624-6.057C514.018,497.866,514.018,484.771,505.942,476.694z\"><\/path><\/g><\/g><\/svg><span class=\"sr\">Close Box<\/span><\/a>\r\n\r\n                        <div class=\"popup-row mt-4\">\r\n                            <div class=\"popup-column headshot\">\r\n                              <figure class=\"my-0 headshot image-circle ratio-1x1\">\r\n                                <img decoding=\"async\" src=\"https:\/\/omnict.mydev.ca\/wp-content\/uploads\/2023\/08\/NCutler_BW.jpg\" alt=\"\" \/>\r\n                              <\/figure>\r\n                            <\/div>\r\n                            <div class=\"popup-column content-container\">\r\n                              <h2 class=\"my-0 wp-block-heading has-text-weight is-bold is-style-wp-block-heading-h4\">Natalie Cutler                              <\/h2>\r\n                                                              <p class=\"my-0 team-member-title-description\">Directrice, Communications<span class=\"team-member-employment-date\">, janvier 2023 \u00e0 aujourd&rsquo;hui<\/span> <\/p>\r\n                              \r\n                              <ul>\n<li>Natalie est une responsable des communications avec plus de 20 ans d\u2019exp\u00e9rience dans la supervision du marketing et des communications pour diverses industries, y compris l\u2019\u00e9nergie nucl\u00e9aire, le mobilier de bureau contractuel et le recyclage des appareils \u00e9lectroniques.<\/li>\n<li>Avant de se joindre \u00e0 OMNI CT, Natalie \u00e9tait directrice des communications et des relations gouvernementales pour BWXT Canada Ltd.<\/li>\n<li>Superviser le marketing et les communications avec les employ\u00e9s ; relations publiques, m\u00e9diatiques, autochtones et gouvernementales pour une soci\u00e9t\u00e9 nucl\u00e9aire cot\u00e9e en bourse pendant 14 ans.<\/li>\n<\/ul>\n\r\n                                                          <\/div>\r\n\r\n                        <\/div>\r\n                      <\/div>\r\n                  <\/div>\r\n\r\n\r\n\r\n\r\n          \r\n\r\n                  <div id=\"glightbox-inline-id-869\" style=\"display: none;\" class=\"glightbox-inline-popup team-card\">\r\n                      <div class=\"inline-innerbox\">\r\n                          <a class=\"gtrigger-close inline-close-btn\" href=\"#\"><svg xmlns=\"http:\/\/www.w3.org\/2000\/svg\" xmlns:xlink=\"http:\/\/www.w3.org\/1999\/xlink\" x=\"0px\" y=\"0px\" viewBox=\"0 0 512 512\" xml:space=\"preserve\"><g><g><path d=\"M505.943,6.058c-8.077-8.077-21.172-8.077-29.249,0L6.058,476.693c-8.077,8.077-8.077,21.172,0,29.249C10.096,509.982,15.39,512,20.683,512c5.293,0,10.586-2.019,14.625-6.059L505.943,35.306C514.019,27.23,514.019,14.135,505.943,6.058z\"><\/path><\/g><\/g><g><g><path d=\"M505.942,476.694L35.306,6.059c-8.076-8.077-21.172-8.077-29.248,0c-8.077,8.076-8.077,21.171,0,29.248l470.636,470.636c4.038,4.039,9.332,6.058,14.625,6.058c5.293,0,10.587-2.019,14.624-6.057C514.018,497.866,514.018,484.771,505.942,476.694z\"><\/path><\/g><\/g><\/svg><span class=\"sr\">Close Box<\/span><\/a>\r\n\r\n                        <div class=\"popup-row mt-4\">\r\n                            <div class=\"popup-column headshot\">\r\n                              <figure class=\"my-0 headshot image-circle ratio-1x1\">\r\n                                <img decoding=\"async\" src=\"https:\/\/omnict.mydev.ca\/wp-content\/uploads\/2023\/08\/MWahl_BW.jpg\" alt=\"\" \/>\r\n                              <\/figure>\r\n                            <\/div>\r\n                            <div class=\"popup-column content-container\">\r\n                              <h2 class=\"my-0 wp-block-heading has-text-weight is-bold is-style-wp-block-heading-h4\">Michael Wahl<span class=\"team-member-degree\">, B.A., M.A., J.D.<\/span>                              <\/h2>\r\n                                                              <p class=\"my-0 team-member-title-description\">Avocat g\u00e9n\u00e9ral et secr\u00e9taire g\u00e9n\u00e9ral<span class=\"team-member-employment-date\">, juin 2021 \u00e0 aujourd&rsquo;hui<\/span> <\/p>\r\n                              \r\n                              <ul>\n<li>Cadre exp\u00e9riment\u00e9 poss\u00e9dant une expertise en commercialisation de technologies et en licences dans les secteurs des technologies propres, des biotechnologies et des technologies financi\u00e8res, Michael a \u00e9t\u00e9 admis au Barreau en 2009.<\/li>\n<li>A rejoint Norton Rose Fulbright Canada LLP en 2011 o\u00f9 il a repr\u00e9sent\u00e9 des cibles et des acqu\u00e9reurs dans des op\u00e9rations de fusions et acquisitions\u00a0; dirig\u00e9 la structuration et le financement de l\u2019entreprise pour les clients\u00a0; a conseill\u00e9 des entreprises priv\u00e9es et des investisseurs nationaux et \u00e9trangers sur tous les aspects de la formation, de la distribution, de l\u2019exploitation et des questions transactionnelles, avec une expertise dans les transactions transfrontali\u00e8res.<\/li>\n<li>A rejoint la Soci\u00e9t\u00e9 des loteries et des jeux de l\u2019Ontario en 2017 en tant que directeur des services juridiques o\u00f9 il a supervis\u00e9 la premi\u00e8re privatisation des jeux en Ontario\u00a0; des ventes structur\u00e9es et ex\u00e9cut\u00e9es d\u2019actifs de jeux de plus de 1\u00a0milliard de dollars canadiens\u00a0; a supervis\u00e9 les d\u00e9veloppements d\u2019immobilisations et les r\u00e9novations de Great Canadian Gaming Corporation, de Gateway Casinos and Entertainment et de Hard Rock.<\/li>\n<li>Michael est titulaire d\u2019un B.A. en sciences politiques et en philosophie de l\u2019Universit\u00e9 Cornell, une ma\u00eetrise \u00e8s arts en relations internationales de l\u2019Universit\u00e9 Yale et un J.D. de l\u2019Universit\u00e9 de Toronto.<\/li>\n<\/ul>\n\r\n                                                          <\/div>\r\n\r\n                        <\/div>\r\n                      <\/div>\r\n                  <\/div>\r\n\r\n\r\n\r\n\r\n          \r\n\r\n                  <div id=\"glightbox-inline-id-1035\" style=\"display: none;\" class=\"glightbox-inline-popup team-card\">\r\n                      <div class=\"inline-innerbox\">\r\n                          <a class=\"gtrigger-close inline-close-btn\" href=\"#\"><svg xmlns=\"http:\/\/www.w3.org\/2000\/svg\" xmlns:xlink=\"http:\/\/www.w3.org\/1999\/xlink\" x=\"0px\" y=\"0px\" viewBox=\"0 0 512 512\" xml:space=\"preserve\"><g><g><path d=\"M505.943,6.058c-8.077-8.077-21.172-8.077-29.249,0L6.058,476.693c-8.077,8.077-8.077,21.172,0,29.249C10.096,509.982,15.39,512,20.683,512c5.293,0,10.586-2.019,14.625-6.059L505.943,35.306C514.019,27.23,514.019,14.135,505.943,6.058z\"><\/path><\/g><\/g><g><g><path d=\"M505.942,476.694L35.306,6.059c-8.076-8.077-21.172-8.077-29.248,0c-8.077,8.076-8.077,21.171,0,29.248l470.636,470.636c4.038,4.039,9.332,6.058,14.625,6.058c5.293,0,10.587-2.019,14.624-6.057C514.018,497.866,514.018,484.771,505.942,476.694z\"><\/path><\/g><\/g><\/svg><span class=\"sr\">Close Box<\/span><\/a>\r\n\r\n                        <div class=\"popup-row mt-4\">\r\n                            <div class=\"popup-column headshot\">\r\n                              <figure class=\"my-0 headshot image-circle ratio-1x1\">\r\n                                <img decoding=\"async\" src=\"https:\/\/omnict.mydev.ca\/wp-content\/uploads\/2023\/08\/LSzczepankowski_BW.jpg\" alt=\"\" \/>\r\n                              <\/figure>\r\n                            <\/div>\r\n                            <div class=\"popup-column content-container\">\r\n                              <h2 class=\"my-0 wp-block-heading has-text-weight is-bold is-style-wp-block-heading-h4\">Lukasz Szczepankowski                              <\/h2>\r\n                                                              <p class=\"my-0 team-member-title-description\">VP Commercial North America<span class=\"team-member-employment-date\">, March 2023 to Present<\/span> <\/p>\r\n                              \r\n                              <p>Business developer and originator with over fifteen years of experience in the energy industry, following ten years of experience as a software engineer.<\/p>\n<p>Developed and maintained customer relationships across energy markets, including consumers, producers and banks.<\/p>\n<p>Past work experience includes energy commodity sales and marketing, upstream and midstream business development, managing LNG commercial operations, and developing renewal energy projects in the hydrogen and ammonia space Graduate of Texas A&amp;M University with a Bachelor\u2019s degree in Computer Science and a Master\u2019s degree in Finance.<\/p>\n\r\n                                                          <\/div>\r\n\r\n                        <\/div>\r\n                      <\/div>\r\n                  <\/div>\r\n\r\n\r\n\r\n\r\n          \r\n\r\n                  <div id=\"glightbox-inline-id-1039\" style=\"display: none;\" class=\"glightbox-inline-popup team-card\">\r\n                      <div class=\"inline-innerbox\">\r\n                          <a class=\"gtrigger-close inline-close-btn\" href=\"#\"><svg xmlns=\"http:\/\/www.w3.org\/2000\/svg\" xmlns:xlink=\"http:\/\/www.w3.org\/1999\/xlink\" x=\"0px\" y=\"0px\" viewBox=\"0 0 512 512\" xml:space=\"preserve\"><g><g><path d=\"M505.943,6.058c-8.077-8.077-21.172-8.077-29.249,0L6.058,476.693c-8.077,8.077-8.077,21.172,0,29.249C10.096,509.982,15.39,512,20.683,512c5.293,0,10.586-2.019,14.625-6.059L505.943,35.306C514.019,27.23,514.019,14.135,505.943,6.058z\"><\/path><\/g><\/g><g><g><path d=\"M505.942,476.694L35.306,6.059c-8.076-8.077-21.172-8.077-29.248,0c-8.077,8.076-8.077,21.171,0,29.248l470.636,470.636c4.038,4.039,9.332,6.058,14.625,6.058c5.293,0,10.587-2.019,14.624-6.057C514.018,497.866,514.018,484.771,505.942,476.694z\"><\/path><\/g><\/g><\/svg><span class=\"sr\">Close Box<\/span><\/a>\r\n\r\n                        <div class=\"popup-row mt-4\">\r\n                            <div class=\"popup-column headshot\">\r\n                              <figure class=\"my-0 headshot image-circle ratio-1x1\">\r\n                                <img decoding=\"async\" src=\"https:\/\/omnict.mydev.ca\/wp-content\/uploads\/2023\/08\/TFong_BW.jpg\" alt=\"\" \/>\r\n                              <\/figure>\r\n                            <\/div>\r\n                            <div class=\"popup-column content-container\">\r\n                              <h2 class=\"my-0 wp-block-heading has-text-weight is-bold is-style-wp-block-heading-h4\">Terence Fong                              <\/h2>\r\n                                                              <p class=\"my-0 team-member-title-description\">VP Corporate Development &#038; Strategy<span class=\"team-member-employment-date\">, June 2023 to Present<\/span> <\/p>\r\n                              \r\n                              <p>Experienced capital markets and finance executive with 9 years of executing mergers &amp; acquisitions, strategic advisory, capital raises, and joint ventures in the mining sector.<\/p>\n<p>Prior to joining OMNI, served as Director, Investment Banking at Barclays\u2019 Global Metals &amp; Mining team.<\/p>\n<p>Previous engineering experience in Oil &amp;Gas consulting at Worley, and automotive R&amp;D, design, and manufacturing at various Tier 1 suppliers.<\/p>\n<p>Terence holds an MBA from the Rotman School of Management, JD from the University of Toronto, and a BASc in Mechanical Engineering from the University of Waterloo.<\/p>\n\r\n                                                          <\/div>\r\n\r\n                        <\/div>\r\n                      <\/div>\r\n                  <\/div>\r\n\r\n\r\n\r\n\r\n          \r\n\r\n\r\n                    \r\n\r\n\r\n\r\n\r\n\r\n<\/div>\r\n\n<\/div>\n          <\/div>\n        <\/div>\n\n\n        <\/div>\n    \n<\/div>\n","protected":false},"excerpt":{"rendered":"<p>At OMNI, we have brought together a team of leaders committed to enabling the circular economy by creating a better solution for garbage\u2014turning it into clean fuel. Meet our team.<\/p>\n","protected":false},"author":1,"featured_media":851,"parent":0,"menu_order":0,"comment_status":"closed","ping_status":"closed","template":"","meta":{"_acf_changed":false,"footnotes":""},"class_list":["post-1200","page","type-page","status-publish","has-post-thumbnail","hentry"],"acf":[],"_links":{"self":[{"href":"https:\/\/omnict.mydev.ca\/fr\/wp-json\/wp\/v2\/pages\/1200","targetHints":{"allow":["GET"]}}],"collection":[{"href":"https:\/\/omnict.mydev.ca\/fr\/wp-json\/wp\/v2\/pages"}],"about":[{"href":"https:\/\/omnict.mydev.ca\/fr\/wp-json\/wp\/v2\/types\/page"}],"author":[{"embeddable":true,"href":"https:\/\/omnict.mydev.ca\/fr\/wp-json\/wp\/v2\/users\/1"}],"replies":[{"embeddable":true,"href":"https:\/\/omnict.mydev.ca\/fr\/wp-json\/wp\/v2\/comments?post=1200"}],"version-history":[{"count":4,"href":"https:\/\/omnict.mydev.ca\/fr\/wp-json\/wp\/v2\/pages\/1200\/revisions"}],"predecessor-version":[{"id":1394,"href":"https:\/\/omnict.mydev.ca\/fr\/wp-json\/wp\/v2\/pages\/1200\/revisions\/1394"}],"wp:featuredmedia":[{"embeddable":true,"href":"https:\/\/omnict.mydev.ca\/fr\/wp-json\/wp\/v2\/media\/851"}],"wp:attachment":[{"href":"https:\/\/omnict.mydev.ca\/fr\/wp-json\/wp\/v2\/media?parent=1200"}],"curies":[{"name":"wp","href":"https:\/\/api.w.org\/{rel}","templated":true}]}}